{"id":20146,"date":"2025-05-05T18:32:30","date_gmt":"2025-05-05T18:32:30","guid":{"rendered":"https:\/\/yonderhillfarm.ca\/shop\/non class\u00e9\/mais-de-champ-hatif\/"},"modified":"2025-05-05T18:32:30","modified_gmt":"2025-05-05T21:32:30","slug":"mais-de-champ-hatif","status":"publish","type":"product","link":"https:\/\/yonderhillfarm.ca\/fr\/shop\/graines-legumes-cereales\/cereales\/mais-de-champ-hatif\/","title":{"rendered":"Ma\u00efs de champ H\u00e2tif"},"content":{"rendered":"<p>Ce ma\u00efs de champ polyvalent est bien adapt\u00e9 aux climats nordiques, ayant \u00e9t\u00e9 s\u00e9lectionn\u00e9 au Vermont par Jack Lazor, expert en c\u00e9r\u00e9ales biologiques. Il poss\u00e8de une grande diversit\u00e9 g\u00e9n\u00e9tique, avec des caract\u00e9ristiques de ma\u00efs dur et de ma\u00efs dent\u00e9, et des couleurs de grains allant du jaune orang\u00e9 fonc\u00e9 au cr\u00e8me. Riche en b\u00eata-carot\u00e9no\u00efdes, il est id\u00e9al pour la farine de ma\u00efs maison et l&rsquo;alimentation du b\u00e9tail. De maturation pr\u00e9coce, il d\u00e9veloppe des panicules en atteignant une hauteur de 1,5 \u00e0 2,4 m et s\u00e8che en octobre \u00e0 partir d&rsquo;une plantation de mi-mai.   <\/p>\n<p><strong><em>Environ 40 graines par sachet standard. <\/em><\/strong><\/p>\n<p><em><strong>Environ 400 graines par grand sachet. <\/strong><\/em><\/p>\n","protected":false},"excerpt":{"rendered":"<p>Ce ma\u00efs de champ polyvalent est bien adapt\u00e9 aux climats nordiques, ayant \u00e9t\u00e9 s\u00e9lectionn\u00e9 au Vermont par Jack Lazor, expert en c\u00e9r\u00e9ales biologiques. Il poss\u00e8de une grande diversit\u00e9 g\u00e9n\u00e9tique, avec des caract\u00e9ristiques de ma\u00efs dur et de ma\u00efs dent\u00e9, et des couleurs de grains allant du jaune orang\u00e9 fonc\u00e9 au cr\u00e8me. Riche en b\u00eata-carot\u00e9no\u00efdes, il [&hellip;]<\/p>\n","protected":false},"featured_media":15744,"comment_status":"closed","ping_status":"closed","template":"","meta":[],"product_brand":[],"product_cat":[174,137,172],"product_tag":[201,187],"class_list":{"0":"post-20146","1":"product","2":"type-product","3":"status-publish","4":"has-post-thumbnail","6":"product_cat-cereales","7":"product_cat-graines-en-vrac","8":"product_cat-mais","9":"product_tag-graines","10":"product_tag-les-favoris-de-la-ferme","11":"product_shipping_class-graines","13":"first","14":"instock","15":"taxable","16":"shipping-taxable","17":"purchasable","18":"product-type-variable"},"_links":{"self":[{"href":"https:\/\/yonderhillfarm.ca\/fr\/wp-json\/wp\/v2\/product\/20146","targetHints":{"allow":["GET"]}}],"collection":[{"href":"https:\/\/yonderhillfarm.ca\/fr\/wp-json\/wp\/v2\/product"}],"about":[{"href":"https:\/\/yonderhillfarm.ca\/fr\/wp-json\/wp\/v2\/types\/product"}],"replies":[{"embeddable":true,"href":"https:\/\/yonderhillfarm.ca\/fr\/wp-json\/wp\/v2\/comments?post=20146"}],"wp:featuredmedia":[{"embeddable":true,"href":"https:\/\/yonderhillfarm.ca\/fr\/wp-json\/wp\/v2\/media\/15744"}],"wp:attachment":[{"href":"https:\/\/yonderhillfarm.ca\/fr\/wp-json\/wp\/v2\/media?parent=20146"}],"wp:term":[{"taxonomy":"product_brand","embeddable":true,"href":"https:\/\/yonderhillfarm.ca\/fr\/wp-json\/wp\/v2\/product_brand?post=20146"},{"taxonomy":"product_cat","embeddable":true,"href":"https:\/\/yonderhillfarm.ca\/fr\/wp-json\/wp\/v2\/product_cat?post=20146"},{"taxonomy":"product_tag","embeddable":true,"href":"https:\/\/yonderhillfarm.ca\/fr\/wp-json\/wp\/v2\/product_tag?post=20146"}],"curies":[{"name":"wp","href":"https:\/\/api.w.org\/{rel}","templated":true}]}}